{"id":50213,"date":"2022-03-18T15:32:29","date_gmt":"2022-03-18T15:32:29","guid":{"rendered":"https:\/\/new.islandandhome.com\/locations\/"},"modified":"2024-03-04T11:14:25","modified_gmt":"2024-03-04T11:14:25","slug":"locations","status":"publish","type":"page","link":"https:\/\/islandandhome.com\/es\/locations\/","title":{"rendered":"Ubicaciones"},"content":{"rendered":"\t\t<div data-elementor-type=\"wp-page\" data-elementor-id=\"50213\" class=\"elementor elementor-50213 elementor-46312\">\n\t\t\t\t\t\t<section class=\"elementor-section elementor-top-section elementor-element elementor-element-c087afd elementor-section-boxed elementor-section-height-default elementor-section-height-default\" data-id=\"c087afd\" data-element_type=\"section\">\n\t\t\t\t\t\t<div class=\"elementor-container elementor-column-gap-default\">\n\t\t\t\t\t<div class=\"elementor-column elementor-col-33 elementor-top-column elementor-element elementor-element-a6db9e1\" data-id=\"a6db9e1\" data-element_type=\"column\">\n\t\t\t<div class=\"elementor-widget-wrap elementor-element-populated\">\n\t\t\t\t\t\t<div class=\"elementor-element elementor-element-e6f3ba2 elementor-widget__width-inherit elementor-position-top elementor-widget elementor-widget-image-box\" data-id=\"e6f3ba2\" data-element_type=\"widget\" data-widget_type=\"image-box.default\">\n\t\t\t\t<div class=\"elementor-widget-container\">\n\t\t\t\t\t<div class=\"elementor-image-box-wrapper\"><figure class=\"elementor-image-box-img\"><img fetchpriority=\"high\" decoding=\"async\" width=\"488\" height=\"326\" src=\"https:\/\/islandandhome.com\/wp-content\/uploads\/2023\/01\/IMG_8530-488x326.jpg\" class=\"attachment-property-thumb-image size-property-thumb-image wp-image-49698\" alt=\"Mahon\" srcset=\"https:\/\/islandandhome.com\/wp-content\/uploads\/2023\/01\/IMG_8530-488x326.jpg 488w, https:\/\/islandandhome.com\/wp-content\/uploads\/2023\/01\/IMG_8530-300x200.jpg 300w, https:\/\/islandandhome.com\/wp-content\/uploads\/2023\/01\/IMG_8530-1024x683.jpg 1024w, https:\/\/islandandhome.com\/wp-content\/uploads\/2023\/01\/IMG_8530-768x512.jpg 768w, https:\/\/islandandhome.com\/wp-content\/uploads\/2023\/01\/IMG_8530-1536x1024.jpg 1536w, https:\/\/islandandhome.com\/wp-content\/uploads\/2023\/01\/IMG_8530-2048x1365.jpg 2048w, https:\/\/islandandhome.com\/wp-content\/uploads\/2023\/01\/IMG_8530-150x100.jpg 150w\" sizes=\"(max-width: 488px) 100vw, 488px\" \/><\/figure><div class=\"elementor-image-box-content\"><h3 class=\"elementor-image-box-title\">Mahon<\/h3><p class=\"elementor-image-box-description\">La capital de Menorca, Mah\u00f3n, se extiende a lo largo de uno de los puertos naturales m\u00e1s grandes del Mediterr\u00e1neo. Mah\u00f3n es rica en las diferentes culturas que la han poblado a lo largo de la historia, y el centro de la ciudad refleja claramente el per\u00edodo de casi un siglo en el que estuvo bajo dominio brit\u00e1nico. , particularmente a trav\u00e9s de la arquitectura de sus edificios. A lo largo del distrito hist\u00f3rico de Mah\u00f3n encontrar\u00e1 numerosas casas y edificios hist\u00f3ricos. Uno de ellos es la c\u00e9ntrica Plaza de Espa\u00f1a. Adem\u00e1s, Mah\u00f3n alberga algunas instituciones culturales maravillosas, como la \u00f3pera m\u00e1s antigua de Espa\u00f1a y el Teatro Principal, que ofrece emocionantes actuaciones de artistas y m\u00fasicos de todo el mundo.<\/p><\/div><\/div>\t\t\t\t<\/div>\n\t\t\t\t<\/div>\n\t\t\t\t\t<\/div>\n\t\t<\/div>\n\t\t\t\t<div class=\"elementor-column elementor-col-33 elementor-top-column elementor-element elementor-element-39cbb68\" data-id=\"39cbb68\" data-element_type=\"column\">\n\t\t\t<div class=\"elementor-widget-wrap elementor-element-populated\">\n\t\t\t\t\t\t<div class=\"elementor-element elementor-element-0166bd2 elementor-widget__width-inherit elementor-position-top elementor-widget elementor-widget-image-box\" data-id=\"0166bd2\" data-element_type=\"widget\" data-widget_type=\"image-box.default\">\n\t\t\t\t<div class=\"elementor-widget-container\">\n\t\t\t\t\t<div class=\"elementor-image-box-wrapper\"><figure class=\"elementor-image-box-img\"><img decoding=\"async\" width=\"488\" height=\"326\" src=\"https:\/\/islandandhome.com\/wp-content\/uploads\/2022\/03\/DJI_0707-488x326.jpg\" class=\"attachment-property-thumb-image size-property-thumb-image wp-image-47912\" alt=\"Cala&#039;n Porter, Menorca\" \/><\/figure><div class=\"elementor-image-box-content\"><h3 class=\"elementor-image-box-title\">Cala'n Porter<\/h3><p class=\"elementor-image-box-description\">Cala'n Porter es una joya escondida, situada sobre los acantilados, con vistas a una incre\u00edble bah\u00eda de aguas turquesas, arenas blancas y un impresionante paisaje verde. A menos de 15 minutos en coche del aeropuerto, es muy conveniente y fue uno de los primeros centros tur\u00edsticos que se establecieron en Menorca. La ciudad ha experimentado algunas mejoras importantes en los \u00faltimos a\u00f1os y ahora disfruta de una reputaci\u00f3n cada vez mayor como lugar para amantes de la playa y la naturaleza, as\u00ed como de las pistas de baile con m\u00e1s ambiente de Menorca. El complejo atrae a parejas, familias y personas de todas las edades y nacionalidades, especialmente para vacaciones con cocina propia, aunque hay muchos lugares para comer situados en el centro de la ciudad. Hay una clara mezcla de casas residenciales, villas y apartamentos, con un par de hoteles tambi\u00e9n.<\/p><\/div><\/div>\t\t\t\t<\/div>\n\t\t\t\t<\/div>\n\t\t\t\t\t<\/div>\n\t\t<\/div>\n\t\t\t\t<div class=\"elementor-column elementor-col-33 elementor-top-column elementor-element elementor-element-c510d3b\" data-id=\"c510d3b\" data-element_type=\"column\">\n\t\t\t<div class=\"elementor-widget-wrap elementor-element-populated\">\n\t\t\t\t\t\t<div class=\"elementor-element elementor-element-2dbcdc6 elementor-widget__width-inherit elementor-position-top elementor-widget elementor-widget-image-box\" data-id=\"2dbcdc6\" data-element_type=\"widget\" data-widget_type=\"image-box.default\">\n\t\t\t\t<div class=\"elementor-widget-container\">\n\t\t\t\t\t<div class=\"elementor-image-box-wrapper\"><figure class=\"elementor-image-box-img\"><img decoding=\"async\" width=\"488\" height=\"326\" src=\"https:\/\/islandandhome.com\/wp-content\/uploads\/2022\/11\/34257_20-488x326.jpg\" class=\"attachment-property-thumb-image size-property-thumb-image wp-image-49307\" alt=\"Son Bou, Menorca\" srcset=\"https:\/\/islandandhome.com\/wp-content\/uploads\/2022\/11\/34257_20-488x326.jpg 488w, https:\/\/islandandhome.com\/wp-content\/uploads\/2022\/11\/34257_20-300x200.jpg 300w, https:\/\/islandandhome.com\/wp-content\/uploads\/2022\/11\/34257_20-1024x683.jpg 1024w, https:\/\/islandandhome.com\/wp-content\/uploads\/2022\/11\/34257_20-768x512.jpg 768w, https:\/\/islandandhome.com\/wp-content\/uploads\/2022\/11\/34257_20-1536x1024.jpg 1536w, https:\/\/islandandhome.com\/wp-content\/uploads\/2022\/11\/34257_20-2048x1365.jpg 2048w, https:\/\/islandandhome.com\/wp-content\/uploads\/2022\/11\/34257_20-150x100.jpg 150w\" sizes=\"(max-width: 488px) 100vw, 488px\" \/><\/figure><div class=\"elementor-image-box-content\"><h3 class=\"elementor-image-box-title\">Son Bou<\/h3><p class=\"elementor-image-box-description\">Son Bou, situado en la costa sur, est\u00e1 a unos 20 minutos en coche del aeropuerto. El complejo vacacional es una mezcla de villas y apartamentos privados\/comerciales y algunos hoteles, todos construidos detr\u00e1s de la playa m\u00e1s larga de la isla y forma parte del distrito municipal de Alaior. Son Bou tiene tres zonas diferenciadas: Central Son Bou, San Jaime y Torre Soli Nou, todas ellas fusionadas. Son Bou es uno de los complejos tur\u00edsticos m\u00e1s grandes de Menorca, con muchas instalaciones que ofrecer. Deportes acu\u00e1ticos, snorkel, hidropedales y, por supuesto, la larga playa de arena, que tambi\u00e9n forma parte del popular Cami de Cavells. La hermosa y t\u00edpica ciudad espa\u00f1ola de Alaior est\u00e1 a 10 minutos en coche y ofrece muchas m\u00e1s comodidades y mucho entretenimiento por las noches.<\/p><\/div><\/div>\t\t\t\t<\/div>\n\t\t\t\t<\/div>\n\t\t\t\t\t<\/div>\n\t\t<\/div>\n\t\t\t\t\t<\/div>\n\t\t<\/section>\n\t\t\t\t<section class=\"elementor-section elementor-top-section elementor-element elementor-element-92572c0 elementor-section-boxed elementor-section-height-default elementor-section-height-default\" data-id=\"92572c0\" data-element_type=\"section\">\n\t\t\t\t\t\t<div class=\"elementor-container elementor-column-gap-default\">\n\t\t\t\t\t<div class=\"elementor-column elementor-col-33 elementor-top-column elementor-element elementor-element-0b5c305\" data-id=\"0b5c305\" data-element_type=\"column\">\n\t\t\t<div class=\"elementor-widget-wrap elementor-element-populated\">\n\t\t\t\t\t\t<div class=\"elementor-element elementor-element-7ab32e1 elementor-widget__width-inherit elementor-position-top elementor-widget elementor-widget-image-box\" data-id=\"7ab32e1\" data-element_type=\"widget\" data-widget_type=\"image-box.default\">\n\t\t\t\t<div class=\"elementor-widget-container\">\n\t\t\t\t\t<div class=\"elementor-image-box-wrapper\"><figure class=\"elementor-image-box-img\"><img loading=\"lazy\" decoding=\"async\" width=\"488\" height=\"326\" src=\"https:\/\/islandandhome.com\/wp-content\/uploads\/2023\/01\/34270_33-488x326.jpg\" class=\"attachment-property-thumb-image size-property-thumb-image wp-image-49500\" alt=\"\" \/><\/figure><div class=\"elementor-image-box-content\"><h3 class=\"elementor-image-box-title\">Son Parc<\/h3><p class=\"elementor-image-box-description\">Son Parc es un peque\u00f1o complejo en la costa norte de Menorca, aproximadamente a 20 kil\u00f3metros al oeste de Mah\u00f3n y a 20 minutos del aeropuerto. Son Parc es un complejo vacacional independiente ubicado entre bosques de pinos y con el \u00fanico campo de golf de la isla. Es perfecto para parejas que buscan unas vacaciones m\u00e1s tranquilas en la playa y para familias j\u00f3venes. Adem\u00e1s de Son Saura, que es una de las playas de arena m\u00e1s grandes de la isla, cerca tiene la hermosa Fornells, que es un centro de deportes acu\u00e1ticos para toda la familia. Tambi\u00e9n cerca, al norte de la isla, se encuentra el popular Es Grau, un antiguo pueblo de pescadores con aguas muy poco profundas, as\u00ed como Arenal D\u2019en Castell y Na Macaret.<\/p><\/div><\/div>\t\t\t\t<\/div>\n\t\t\t\t<\/div>\n\t\t\t\t\t<\/div>\n\t\t<\/div>\n\t\t\t\t<div class=\"elementor-column elementor-col-33 elementor-top-column elementor-element elementor-element-6ceda6f\" data-id=\"6ceda6f\" data-element_type=\"column\">\n\t\t\t<div class=\"elementor-widget-wrap elementor-element-populated\">\n\t\t\t\t\t\t<div class=\"elementor-element elementor-element-1472516 elementor-widget__width-inherit elementor-position-top elementor-widget elementor-widget-image-box\" data-id=\"1472516\" data-element_type=\"widget\" data-widget_type=\"image-box.default\">\n\t\t\t\t<div class=\"elementor-widget-container\">\n\t\t\t\t\t<div class=\"elementor-image-box-wrapper\"><figure class=\"elementor-image-box-img\"><img loading=\"lazy\" decoding=\"async\" width=\"488\" height=\"326\" src=\"https:\/\/islandandhome.com\/wp-content\/uploads\/2023\/01\/Edit-1-BB-488x326.jpg\" class=\"attachment-property-thumb-image size-property-thumb-image wp-image-49504\" alt=\"\" srcset=\"https:\/\/islandandhome.com\/wp-content\/uploads\/2023\/01\/Edit-1-BB-488x326.jpg 488w, https:\/\/islandandhome.com\/wp-content\/uploads\/2023\/01\/Edit-1-BB-300x200.jpg 300w, https:\/\/islandandhome.com\/wp-content\/uploads\/2023\/01\/Edit-1-BB-1024x683.jpg 1024w, https:\/\/islandandhome.com\/wp-content\/uploads\/2023\/01\/Edit-1-BB-768x512.jpg 768w, https:\/\/islandandhome.com\/wp-content\/uploads\/2023\/01\/Edit-1-BB-1536x1024.jpg 1536w, https:\/\/islandandhome.com\/wp-content\/uploads\/2023\/01\/Edit-1-BB-2048x1365.jpg 2048w, https:\/\/islandandhome.com\/wp-content\/uploads\/2023\/01\/Edit-1-BB-150x100.jpg 150w\" sizes=\"(max-width: 488px) 100vw, 488px\" \/><\/figure><div class=\"elementor-image-box-content\"><h3 class=\"elementor-image-box-title\">Binibeca<\/h3><p class=\"elementor-image-box-description\">Binibeca est\u00e1 situada en la costa sureste, a aproximadamente 15 minutos del aeropuerto. El nombre local es Binibequer, que podr\u00e1s ver en las se\u00f1ales de tr\u00e1fico. Toda la zona se caracteriza por villas y apartamentos privados encalados y un complejo maravillosamente tranquilo para aquellos que buscan pasar unas vacaciones y vivir. Binibeca es un antiguo pueblo pesquero tradicional menorqu\u00edn y a menudo ver\u00e1s lugares en esta zona usando 'Bini', que refleja la ocupaci\u00f3n \u00e1rabe (Bini significa 'perteneciente al hijo de...' del \u00e1rabe Ben para hijo). Una de las principales atracciones de Binibeca Vell es una villa de pescadores de estilo menorqu\u00edn dise\u00f1ada por la arquitecta espa\u00f1ola Antonia Sintes en 1972. El \u00e1rea detr\u00e1s de la hermosa playa de Binibeca es Binibeca Nou, que consta principalmente de villas individuales ubicadas en la ladera con maravillosas vistas al mar. Una atractiva playa de arena blanca y fina con servicios es popular dentro de Binibeca con aguas poco profundas perfectas para todas las edades.<\/p><\/div><\/div>\t\t\t\t<\/div>\n\t\t\t\t<\/div>\n\t\t\t\t\t<\/div>\n\t\t<\/div>\n\t\t\t\t<div class=\"elementor-column elementor-col-33 elementor-top-column elementor-element elementor-element-4cd64a6\" data-id=\"4cd64a6\" data-element_type=\"column\">\n\t\t\t<div class=\"elementor-widget-wrap elementor-element-populated\">\n\t\t\t\t\t\t<div class=\"elementor-element elementor-element-74692da elementor-widget__width-inherit elementor-position-top elementor-widget elementor-widget-image-box\" data-id=\"74692da\" data-element_type=\"widget\" data-widget_type=\"image-box.default\">\n\t\t\t\t<div class=\"elementor-widget-container\">\n\t\t\t\t\t<div class=\"elementor-image-box-wrapper\"><figure class=\"elementor-image-box-img\"><img loading=\"lazy\" decoding=\"async\" width=\"488\" height=\"326\" src=\"https:\/\/islandandhome.com\/wp-content\/uploads\/2023\/01\/34195_39.JPG-1-488x326.jpg\" class=\"attachment-property-thumb-image size-property-thumb-image wp-image-49508\" alt=\"\" srcset=\"https:\/\/islandandhome.com\/wp-content\/uploads\/2023\/01\/34195_39.JPG-1-488x326.jpg 488w, https:\/\/islandandhome.com\/wp-content\/uploads\/2023\/01\/34195_39.JPG-1-300x200.jpg 300w, https:\/\/islandandhome.com\/wp-content\/uploads\/2023\/01\/34195_39.JPG-1-1024x683.jpg 1024w, https:\/\/islandandhome.com\/wp-content\/uploads\/2023\/01\/34195_39.JPG-1-768x512.jpg 768w, https:\/\/islandandhome.com\/wp-content\/uploads\/2023\/01\/34195_39.JPG-1-1536x1024.jpg 1536w, https:\/\/islandandhome.com\/wp-content\/uploads\/2023\/01\/34195_39.JPG-1-2048x1365.jpg 2048w, https:\/\/islandandhome.com\/wp-content\/uploads\/2023\/01\/34195_39.JPG-1-150x100.jpg 150w\" sizes=\"(max-width: 488px) 100vw, 488px\" \/><\/figure><div class=\"elementor-image-box-content\"><h3 class=\"elementor-image-box-title\">Arenal d'en Castell<\/h3><p class=\"elementor-image-box-description\">Arenal d'en Castell est\u00e1 situado en la costa norte de Menorca. Junto con su vecino m\u00e1s cercano, Son Parc, con su campo de golf e instalaciones de tenis, son los centros tur\u00edsticos m\u00e1s grandes de la costa norte. La bah\u00eda de Arenal d'en Castell tiene una hermosa forma de herradura con aguas tranquilas, poco profundas y c\u00e1lidas y una hermosa arena blanca y suave y una variedad de instalaciones para adultos y ni\u00f1os de todas las edades. Dominada por pinos, la zona que rodea Arenal es muy verde y exuberante. Fornells est\u00e1 a s\u00f3lo 10 minutos en coche del Arenal y cuenta con una de las mejores escuelas de vela del Mediterr\u00e1neo. Puede encontrar una gran playa de ensue\u00f1o en Son Parc, a 10 minutos, que cuenta con el \u00fanico campo de golf de la isla. En direcci\u00f3n contraria al Este, tambi\u00e9n encontrar\u00e1s una playa muy r\u00fastica, Es Grau, que forma parte de la reserva natural y es muy id\u00edlica.<\/p><\/div><\/div>\t\t\t\t<\/div>\n\t\t\t\t<\/div>\n\t\t\t\t\t<\/div>\n\t\t<\/div>\n\t\t\t\t\t<\/div>\n\t\t<\/section>\n\t\t\t\t<section class=\"elementor-section elementor-top-section elementor-element elementor-element-a7f4d46 elementor-section-boxed elementor-section-height-default elementor-section-height-default\" data-id=\"a7f4d46\" data-element_type=\"section\">\n\t\t\t\t\t\t<div class=\"elementor-container elementor-column-gap-default\">\n\t\t\t\t\t<div class=\"elementor-column elementor-col-33 elementor-top-column elementor-element elementor-element-deb706d\" data-id=\"deb706d\" data-element_type=\"column\">\n\t\t\t<div class=\"elementor-widget-wrap elementor-element-populated\">\n\t\t\t\t\t\t<div class=\"elementor-element elementor-element-94db49d elementor-widget__width-inherit elementor-position-top elementor-widget elementor-widget-image-box\" data-id=\"94db49d\" data-element_type=\"widget\" data-widget_type=\"image-box.default\">\n\t\t\t\t<div class=\"elementor-widget-container\">\n\t\t\t\t\t<div class=\"elementor-image-box-wrapper\"><figure class=\"elementor-image-box-img\"><img loading=\"lazy\" decoding=\"async\" width=\"488\" height=\"326\" src=\"https:\/\/islandandhome.com\/wp-content\/uploads\/2023\/01\/Punta-Prima-Edited-488x326.jpg\" class=\"attachment-property-thumb-image size-property-thumb-image wp-image-49516\" alt=\"\" srcset=\"https:\/\/islandandhome.com\/wp-content\/uploads\/2023\/01\/Punta-Prima-Edited-488x326.jpg 488w, https:\/\/islandandhome.com\/wp-content\/uploads\/2023\/01\/Punta-Prima-Edited-300x200.jpg 300w, https:\/\/islandandhome.com\/wp-content\/uploads\/2023\/01\/Punta-Prima-Edited-1024x683.jpg 1024w, https:\/\/islandandhome.com\/wp-content\/uploads\/2023\/01\/Punta-Prima-Edited-768x512.jpg 768w, https:\/\/islandandhome.com\/wp-content\/uploads\/2023\/01\/Punta-Prima-Edited-1536x1024.jpg 1536w, https:\/\/islandandhome.com\/wp-content\/uploads\/2023\/01\/Punta-Prima-Edited-2048x1365.jpg 2048w, https:\/\/islandandhome.com\/wp-content\/uploads\/2023\/01\/Punta-Prima-Edited-150x100.jpg 150w\" sizes=\"(max-width: 488px) 100vw, 488px\" \/><\/figure><div class=\"elementor-image-box-content\"><h3 class=\"elementor-image-box-title\">Punta Prima<\/h3><p class=\"elementor-image-box-description\">Punta Prima se encuentra en el extremo sureste de Menorca. Con Mah\u00f3n a solo 10 km y el aeropuerto tambi\u00e9n cerca, es una ubicaci\u00f3n de muy f\u00e1cil acceso. Punta Prima es un complejo menorqu\u00edn de buen tama\u00f1o y uno de los pueblos de vacaciones m\u00e1s antiguos de la isla, apto para familias y parejas y extremadamente bonito con una playa impresionante. Ciertamente ha mantenido su encanto y actitud relajada. Hay una buena selecci\u00f3n de restaurantes, supermercados, encantadores parques para ni\u00f1os y, a poca distancia en coche, un gran parque acu\u00e1tico. Punta Prima tiene un famoso faro con aguas cristalinas y coloridas de color turquesa. Las aguas son poco profundas y c\u00e1lidas. Otras localidades vecinas a Punta Prima son las impresionantes Alcaufar, S\u2019Algar, Biniancolla, Binibeca Vell, Binibeca Nou, Binisafua y Ca d\u2019en Font.\n<\/p><\/div><\/div>\t\t\t\t<\/div>\n\t\t\t\t<\/div>\n\t\t\t\t\t<\/div>\n\t\t<\/div>\n\t\t\t\t<div class=\"elementor-column elementor-col-33 elementor-top-column elementor-element elementor-element-6f9be44\" data-id=\"6f9be44\" data-element_type=\"column\">\n\t\t\t<div class=\"elementor-widget-wrap elementor-element-populated\">\n\t\t\t\t\t\t<div class=\"elementor-element elementor-element-130c8fd elementor-widget__width-inherit elementor-position-top elementor-widget elementor-widget-image-box\" data-id=\"130c8fd\" data-element_type=\"widget\" data-widget_type=\"image-box.default\">\n\t\t\t\t<div class=\"elementor-widget-container\">\n\t\t\t\t\t<div class=\"elementor-image-box-wrapper\"><figure class=\"elementor-image-box-img\"><img loading=\"lazy\" decoding=\"async\" width=\"488\" height=\"326\" src=\"https:\/\/islandandhome.com\/wp-content\/uploads\/2023\/04\/IMG_7367-488x326.jpg\" class=\"attachment-property-thumb-image size-property-thumb-image wp-image-50188\" alt=\"Es Castell, Menorca\" srcset=\"https:\/\/islandandhome.com\/wp-content\/uploads\/2023\/04\/IMG_7367-488x326.jpg 488w, https:\/\/islandandhome.com\/wp-content\/uploads\/2023\/04\/IMG_7367-300x200.jpg 300w, https:\/\/islandandhome.com\/wp-content\/uploads\/2023\/04\/IMG_7367-1024x683.jpg 1024w, https:\/\/islandandhome.com\/wp-content\/uploads\/2023\/04\/IMG_7367-768x512.jpg 768w, https:\/\/islandandhome.com\/wp-content\/uploads\/2023\/04\/IMG_7367-1536x1024.jpg 1536w, https:\/\/islandandhome.com\/wp-content\/uploads\/2023\/04\/IMG_7367-2048x1365.jpg 2048w, https:\/\/islandandhome.com\/wp-content\/uploads\/2023\/04\/IMG_7367-150x100.jpg 150w\" sizes=\"(max-width: 488px) 100vw, 488px\" \/><\/figure><div class=\"elementor-image-box-content\"><h3 class=\"elementor-image-box-title\">Es Castell <\/h3><p class=\"elementor-image-box-description\">Situada a poca distancia de Mah\u00f3n\/Mao, Es Castell es el pueblo m\u00e1s oriental de Espa\u00f1a y el primero en ver salir el sol. Calas Fonts es un peque\u00f1o pueblo pesquero en las afueras de Es Castell, muy popular entre turistas y lugare\u00f1os y lleno de peque\u00f1os barcos, restaurantes y cafeter\u00edas. La ciudad es rica en historia y arquitectura militar brit\u00e1nica. A un corto trayecto se encuentran los peque\u00f1os pueblos de Sol del Este, Santa Ana, Son Vilar y Noria Riera.<\/p><\/div><\/div>\t\t\t\t<\/div>\n\t\t\t\t<\/div>\n\t\t\t\t\t<\/div>\n\t\t<\/div>\n\t\t\t\t<div class=\"elementor-column elementor-col-33 elementor-top-column elementor-element elementor-element-3c11208\" data-id=\"3c11208\" data-element_type=\"column\">\n\t\t\t<div class=\"elementor-widget-wrap elementor-element-populated\">\n\t\t\t\t\t\t<div class=\"elementor-element elementor-element-11c8827 elementor-widget__width-inherit elementor-position-top elementor-widget elementor-widget-image-box\" data-id=\"11c8827\" data-element_type=\"widget\" data-widget_type=\"image-box.default\">\n\t\t\t\t<div class=\"elementor-widget-container\">\n\t\t\t\t\t<div class=\"elementor-image-box-wrapper\"><figure class=\"elementor-image-box-img\"><img loading=\"lazy\" decoding=\"async\" width=\"488\" height=\"326\" src=\"https:\/\/islandandhome.com\/wp-content\/uploads\/2023\/01\/34289_74-488x326.jpg\" class=\"attachment-property-thumb-image size-property-thumb-image wp-image-49524\" alt=\"Coves Noves\" srcset=\"https:\/\/islandandhome.com\/wp-content\/uploads\/2023\/01\/34289_74-488x326.jpg 488w, https:\/\/islandandhome.com\/wp-content\/uploads\/2023\/01\/34289_74-300x200.jpg 300w, https:\/\/islandandhome.com\/wp-content\/uploads\/2023\/01\/34289_74-1024x684.jpg 1024w, https:\/\/islandandhome.com\/wp-content\/uploads\/2023\/01\/34289_74-768x513.jpg 768w, https:\/\/islandandhome.com\/wp-content\/uploads\/2023\/01\/34289_74-1536x1026.jpg 1536w, https:\/\/islandandhome.com\/wp-content\/uploads\/2023\/01\/34289_74-2048x1368.jpg 2048w, https:\/\/islandandhome.com\/wp-content\/uploads\/2023\/01\/34289_74-150x100.jpg 150w\" sizes=\"(max-width: 488px) 100vw, 488px\" \/><\/figure><div class=\"elementor-image-box-content\"><h3 class=\"elementor-image-box-title\">Coves Noves<\/h3><p class=\"elementor-image-box-description\">Situada en la costa norte de Menorca, Coves Noves es una popular zona residencial. Situado muy cerca de la popular localidad de Arenal D'en Castell y entre Addaia, que es un lugar ideal para tener un barco y Son Parc (perfecto para aquellos que deseen jugar al golf o navegar. Est\u00e1 rodeado de belleza natural y aliento). tomando vistas al mar. El aeropuerto est\u00e1 a 20 minutos en coche, los pueblos m\u00e1s cercanos son Alaior, Mah\u00f3n y Es Mercadal. Las playas \/ complejos tur\u00edsticos alternativos m\u00e1s cercanos son Son Parc, Arenal d'en Castell, Na Macaret, Es Grau y Cala Mesquida en la Costa norte.<\/p><\/div><\/div>\t\t\t\t<\/div>\n\t\t\t\t<\/div>\n\t\t\t\t\t<\/div>\n\t\t<\/div>\n\t\t\t\t\t<\/div>\n\t\t<\/section>\n\t\t\t\t<section class=\"elementor-section elementor-top-section elementor-element elementor-element-be0998f elementor-section-boxed elementor-section-height-default elementor-section-height-default\" data-id=\"be0998f\" data-element_type=\"section\">\n\t\t\t\t\t\t<div class=\"elementor-container elementor-column-gap-default\">\n\t\t\t\t\t<div class=\"elementor-column elementor-col-33 elementor-top-column elementor-element elementor-element-7a5dff4\" data-id=\"7a5dff4\" data-element_type=\"column\">\n\t\t\t<div class=\"elementor-widget-wrap elementor-element-populated\">\n\t\t\t\t\t\t<div class=\"elementor-element elementor-element-5778712 elementor-widget__width-inherit elementor-position-top elementor-widget elementor-widget-image-box\" data-id=\"5778712\" data-element_type=\"widget\" data-widget_type=\"image-box.default\">\n\t\t\t\t<div class=\"elementor-widget-container\">\n\t\t\t\t\t<div class=\"elementor-image-box-wrapper\"><figure class=\"elementor-image-box-img\"><img loading=\"lazy\" decoding=\"async\" width=\"488\" height=\"326\" src=\"https:\/\/islandandhome.com\/wp-content\/uploads\/2023\/04\/34231_03-488x326.jpg\" class=\"attachment-property-thumb-image size-property-thumb-image wp-image-50193\" alt=\"L&#039;Argentina, Menorca\" \/><\/figure><div class=\"elementor-image-box-content\"><h3 class=\"elementor-image-box-title\">L'Argentina<\/h3><p class=\"elementor-image-box-description\">Enclavado entre Mah\u00f3n y Alaior; L\u2019Argentina es una zona residencial rural compuesta por aproximadamente 100 casas. De distintos tama\u00f1os, en su mayor\u00eda cuentan con grandes parcelas y est\u00e1n rodeadas de campo. La urbanizaci\u00f3n tiene una calle principal que recorre su centro, de la que parten varias venas m\u00e1s peque\u00f1as. Hay dos entradas y salidas, creando una forma de espect\u00e1culo ecuestre. L'Argentina es m\u00e1s conocida por el popular zool\u00f3gico que se encuentra en un extremo de la urbanizaci\u00f3n. El pueblo m\u00e1s cercano a L'Argentina es Alaior. El municipio tiene algunas playas impresionantes, como Son Bou y Calan Porter, ambas a muy poca distancia en coche del pueblo. Alaior es fant\u00e1stico para maravillarse con las primeras o \u00faltimas horas de la noche, cuando el calor del sol no est\u00e1 presente y la luz resalta una paleta de colores m\u00e1s intensa. Hay un mercado y m\u00fasica en vivo todos los mi\u00e9rcoles por la noche durante la temporada de verano y toda la ciudad est\u00e1 viva y vibrante con turistas y lugare\u00f1os que disfrutan de tapas, refrescos fr\u00edos y el c\u00e1lido aire mediterr\u00e1neo.<\/p><\/div><\/div>\t\t\t\t<\/div>\n\t\t\t\t<\/div>\n\t\t\t\t\t<\/div>\n\t\t<\/div>\n\t\t\t\t<div class=\"elementor-column elementor-col-33 elementor-top-column elementor-element elementor-element-54643ef\" data-id=\"54643ef\" data-element_type=\"column\">\n\t\t\t<div class=\"elementor-widget-wrap elementor-element-populated\">\n\t\t\t\t\t\t<div class=\"elementor-element elementor-element-6cd348d elementor-widget__width-inherit elementor-position-top elementor-widget elementor-widget-image-box\" data-id=\"6cd348d\" data-element_type=\"widget\" data-widget_type=\"image-box.default\">\n\t\t\t\t<div class=\"elementor-widget-container\">\n\t\t\t\t\t<div class=\"elementor-image-box-wrapper\"><figure class=\"elementor-image-box-img\"><img loading=\"lazy\" decoding=\"async\" width=\"488\" height=\"326\" src=\"https:\/\/islandandhome.com\/wp-content\/uploads\/2023\/04\/DJI_0033-Copy-488x326.jpg\" class=\"attachment-property-thumb-image size-property-thumb-image wp-image-50197\" alt=\"Addaya, Menorca\" \/><\/figure><div class=\"elementor-image-box-content\"><h3 class=\"elementor-image-box-title\">Addaya <\/h3><p class=\"elementor-image-box-description\">Situada en la costa norte de Menorca, Addaya es una popular zona residencial, con un exclusivo puerto natural. Situado muy cerca de la popular localidad de Arenal D\u2019en Castell, Na Macaret y Coves Noves; Addaya es un lugar ideal para tener un barco y Son Parc (perfecto para aquellos que quieran jugar al golf) o navegar. Est\u00e1 rodeado de belleza natural y de impresionantes vistas al mar. El aeropuerto est\u00e1 a 20 minutos en coche, los pueblos m\u00e1s cercanos son Alaior, Mah\u00f3n y Es Mercadal. Las playas\/resorts alternativos m\u00e1s cercanos son Son Parc, Arenal d'en Castell, Na Macaret, Es Grau y Cala Mesquida en la costa norte.<\/p><\/div><\/div>\t\t\t\t<\/div>\n\t\t\t\t<\/div>\n\t\t\t\t\t<\/div>\n\t\t<\/div>\n\t\t\t\t<div class=\"elementor-column elementor-col-33 elementor-top-column elementor-element elementor-element-7724b89\" data-id=\"7724b89\" data-element_type=\"column\">\n\t\t\t<div class=\"elementor-widget-wrap elementor-element-populated\">\n\t\t\t\t\t\t<div class=\"elementor-element elementor-element-a1e8577 elementor-widget__width-inherit elementor-position-top elementor-widget elementor-widget-image-box\" data-id=\"a1e8577\" data-element_type=\"widget\" data-widget_type=\"image-box.default\">\n\t\t\t\t<div class=\"elementor-widget-container\">\n\t\t\t\t\t<div class=\"elementor-image-box-wrapper\"><figure class=\"elementor-image-box-img\"><img loading=\"lazy\" decoding=\"async\" width=\"488\" height=\"326\" src=\"https:\/\/islandandhome.com\/wp-content\/uploads\/2023\/04\/1-Copy-2-488x326.jpg\" class=\"attachment-property-thumb-image size-property-thumb-image wp-image-50201\" alt=\"Calas Coves, Menorca\" srcset=\"https:\/\/islandandhome.com\/wp-content\/uploads\/2023\/04\/1-Copy-2-488x326.jpg 488w, https:\/\/islandandhome.com\/wp-content\/uploads\/2023\/04\/1-Copy-2-300x200.jpg 300w, https:\/\/islandandhome.com\/wp-content\/uploads\/2023\/04\/1-Copy-2-1024x683.jpg 1024w, https:\/\/islandandhome.com\/wp-content\/uploads\/2023\/04\/1-Copy-2-768x512.jpg 768w, https:\/\/islandandhome.com\/wp-content\/uploads\/2023\/04\/1-Copy-2-1536x1024.jpg 1536w, https:\/\/islandandhome.com\/wp-content\/uploads\/2023\/04\/1-Copy-2-2048x1365.jpg 2048w, https:\/\/islandandhome.com\/wp-content\/uploads\/2023\/04\/1-Copy-2-150x100.jpg 150w\" sizes=\"(max-width: 488px) 100vw, 488px\" \/><\/figure><div class=\"elementor-image-box-content\"><h3 class=\"elementor-image-box-title\">Son Vitamina - Calas Coves - Binixica<\/h3><p class=\"elementor-image-box-description\">Son Vitamina es una peque\u00f1a zona residencial, muy cerca de los peque\u00f1os pueblos de San Clemente y Calan Porter. Ambos cuentan con una serie de servicios, bancos, supermercados, restaurantes, bares, cafeter\u00edas y una hermosa playa. Calas Coves es una peque\u00f1a zona residencial, enclavada entre Son Vitamina y la costa y tambi\u00e9n muy cerca de los peque\u00f1os pueblos de San Clemente y Calan Porter. Ambos cuentan con una serie de servicios, bancos, supermercados, restaurantes, bares, cafeter\u00edas y una hermosa playa. La playa de Calas Coves es transitable desde la comunidad residencial y es pintoresca y muy popular entre los caminantes. Binixica es una peque\u00f1a zona residencial, muy cerca de San Clemente, Calan Porter, Mah\u00f3n y el aeropuerto de las islas. Binixica est\u00e1 muy cerca de numerosos servicios, bancos, supermercados, restaurantes, bares, cafeter\u00edas y muchas hermosas playas repartidas a lo largo de la costa sur de Menorca.<\/p><\/div><\/div>\t\t\t\t<\/div>\n\t\t\t\t<\/div>\n\t\t\t\t\t<\/div>\n\t\t<\/div>\n\t\t\t\t\t<\/div>\n\t\t<\/section>\n\t\t\t\t<\/div>\n\t\t","protected":false},"excerpt":{"rendered":"<p>Mahon La capital de Menorca, Mah\u00f3n, se extiende a lo largo de uno de los puertos naturales m\u00e1s grandes del Mediterr\u00e1neo. Mah\u00f3n es rica en las diferentes culturas que la han poblado a lo largo de la historia, y el centro de la ciudad refleja claramente el per\u00edodo de casi un siglo en el que&#8230;<\/p>\n","protected":false},"author":1,"featured_media":0,"parent":0,"menu_order":0,"comment_status":"closed","ping_status":"closed","template":"","meta":{"_acf_changed":false,"footnotes":""},"class_list":["post-50213","page","type-page","status-publish","hentry"],"acf":[],"yoast_head":"<!-- This site is optimized with the Yoast SEO plugin v26.8 - https:\/\/yoast.com\/product\/yoast-seo-wordpress\/ -->\n<title>Ubicaciones - Island &amp; Home<\/title>\n<meta name=\"robots\" content=\"index, follow, max-snippet:-1, max-image-preview:large, max-video-preview:-1\" \/>\n<link rel=\"canonical\" href=\"https:\/\/islandandhome.com\/es\/locations\/\" \/>\n<meta property=\"og:locale\" content=\"es_ES\" \/>\n<meta property=\"og:type\" content=\"article\" \/>\n<meta property=\"og:title\" content=\"Ubicaciones - Island &amp; Home\" \/>\n<meta property=\"og:description\" content=\"Mahon La capital de Menorca, Mah\u00f3n, se extiende a lo largo de uno de los puertos naturales m\u00e1s grandes del Mediterr\u00e1neo. Mah\u00f3n es rica en las diferentes culturas que la han poblado a lo largo de la historia, y el centro de la ciudad refleja claramente el per\u00edodo de casi un siglo en el que...\" \/>\n<meta property=\"og:url\" content=\"https:\/\/islandandhome.com\/es\/locations\/\" \/>\n<meta property=\"og:site_name\" content=\"Island &amp; Home\" \/>\n<meta property=\"article:modified_time\" content=\"2024-03-04T11:14:25+00:00\" \/>\n<meta property=\"og:image\" content=\"https:\/\/new.islandandhome.com\/wp-content\/uploads\/2023\/01\/IMG_8530-488x326.jpg\" \/>\n<meta name=\"twitter:card\" content=\"summary_large_image\" \/>\n<meta name=\"twitter:label1\" content=\"Tiempo de lectura\" \/>\n\t<meta name=\"twitter:data1\" content=\"10 minutos\" \/>\n<script type=\"application\/ld+json\" class=\"yoast-schema-graph\">{\"@context\":\"https:\/\/schema.org\",\"@graph\":[{\"@type\":\"WebPage\",\"@id\":\"https:\/\/islandandhome.com\/es\/locations\/\",\"url\":\"https:\/\/islandandhome.com\/es\/locations\/\",\"name\":\"Ubicaciones - Island &amp; Home\",\"isPartOf\":{\"@id\":\"https:\/\/islandandhome.com\/#website\"},\"primaryImageOfPage\":{\"@id\":\"https:\/\/islandandhome.com\/es\/locations\/#primaryimage\"},\"image\":{\"@id\":\"https:\/\/islandandhome.com\/es\/locations\/#primaryimage\"},\"thumbnailUrl\":\"https:\/\/new.islandandhome.com\/wp-content\/uploads\/2023\/01\/IMG_8530-488x326.jpg\",\"datePublished\":\"2022-03-18T15:32:29+00:00\",\"dateModified\":\"2024-03-04T11:14:25+00:00\",\"breadcrumb\":{\"@id\":\"https:\/\/islandandhome.com\/es\/locations\/#breadcrumb\"},\"inLanguage\":\"es\",\"potentialAction\":[{\"@type\":\"ReadAction\",\"target\":[\"https:\/\/islandandhome.com\/es\/locations\/\"]}]},{\"@type\":\"ImageObject\",\"inLanguage\":\"es\",\"@id\":\"https:\/\/islandandhome.com\/es\/locations\/#primaryimage\",\"url\":\"https:\/\/new.islandandhome.com\/wp-content\/uploads\/2023\/01\/IMG_8530-488x326.jpg\",\"contentUrl\":\"https:\/\/new.islandandhome.com\/wp-content\/uploads\/2023\/01\/IMG_8530-488x326.jpg\"},{\"@type\":\"BreadcrumbList\",\"@id\":\"https:\/\/islandandhome.com\/es\/locations\/#breadcrumb\",\"itemListElement\":[{\"@type\":\"ListItem\",\"position\":1,\"name\":\"Home\",\"item\":\"https:\/\/islandandhome.com\/\"},{\"@type\":\"ListItem\",\"position\":2,\"name\":\"Ubicaciones\"}]},{\"@type\":\"WebSite\",\"@id\":\"https:\/\/islandandhome.com\/#website\",\"url\":\"https:\/\/islandandhome.com\/\",\"name\":\"Island &amp; Home\",\"description\":\"Property agents in Menorca\",\"publisher\":{\"@id\":\"https:\/\/islandandhome.com\/#organization\"},\"alternateName\":\"Property agents in Menorca\",\"potentialAction\":[{\"@type\":\"SearchAction\",\"target\":{\"@type\":\"EntryPoint\",\"urlTemplate\":\"https:\/\/islandandhome.com\/?s={search_term_string}\"},\"query-input\":{\"@type\":\"PropertyValueSpecification\",\"valueRequired\":true,\"valueName\":\"search_term_string\"}}],\"inLanguage\":\"es\"},{\"@type\":\"Organization\",\"@id\":\"https:\/\/islandandhome.com\/#organization\",\"name\":\"Island &amp; Home\",\"url\":\"https:\/\/islandandhome.com\/\",\"logo\":{\"@type\":\"ImageObject\",\"inLanguage\":\"es\",\"@id\":\"https:\/\/islandandhome.com\/#\/schema\/logo\/image\/\",\"url\":\"https:\/\/islandandhome.com\/wp-content\/uploads\/2020\/02\/island-and-home-transparent-fixed-2x-very-small.png\",\"contentUrl\":\"https:\/\/islandandhome.com\/wp-content\/uploads\/2020\/02\/island-and-home-transparent-fixed-2x-very-small.png\",\"width\":220,\"height\":68,\"caption\":\"Island &amp; Home\"},\"image\":{\"@id\":\"https:\/\/islandandhome.com\/#\/schema\/logo\/image\/\"}}]}<\/script>\n<!-- \/ Yoast SEO plugin. -->","yoast_head_json":{"title":"Ubicaciones - Island &amp; Home","robots":{"index":"index","follow":"follow","max-snippet":"max-snippet:-1","max-image-preview":"max-image-preview:large","max-video-preview":"max-video-preview:-1"},"canonical":"https:\/\/islandandhome.com\/es\/locations\/","og_locale":"es_ES","og_type":"article","og_title":"Ubicaciones - Island &amp; Home","og_description":"Mahon La capital de Menorca, Mah\u00f3n, se extiende a lo largo de uno de los puertos naturales m\u00e1s grandes del Mediterr\u00e1neo. Mah\u00f3n es rica en las diferentes culturas que la han poblado a lo largo de la historia, y el centro de la ciudad refleja claramente el per\u00edodo de casi un siglo en el que...","og_url":"https:\/\/islandandhome.com\/es\/locations\/","og_site_name":"Island &amp; Home","article_modified_time":"2024-03-04T11:14:25+00:00","og_image":[{"url":"https:\/\/new.islandandhome.com\/wp-content\/uploads\/2023\/01\/IMG_8530-488x326.jpg","type":"","width":"","height":""}],"twitter_card":"summary_large_image","twitter_misc":{"Tiempo de lectura":"10 minutos"},"schema":{"@context":"https:\/\/schema.org","@graph":[{"@type":"WebPage","@id":"https:\/\/islandandhome.com\/es\/locations\/","url":"https:\/\/islandandhome.com\/es\/locations\/","name":"Ubicaciones - Island &amp; Home","isPartOf":{"@id":"https:\/\/islandandhome.com\/#website"},"primaryImageOfPage":{"@id":"https:\/\/islandandhome.com\/es\/locations\/#primaryimage"},"image":{"@id":"https:\/\/islandandhome.com\/es\/locations\/#primaryimage"},"thumbnailUrl":"https:\/\/new.islandandhome.com\/wp-content\/uploads\/2023\/01\/IMG_8530-488x326.jpg","datePublished":"2022-03-18T15:32:29+00:00","dateModified":"2024-03-04T11:14:25+00:00","breadcrumb":{"@id":"https:\/\/islandandhome.com\/es\/locations\/#breadcrumb"},"inLanguage":"es","potentialAction":[{"@type":"ReadAction","target":["https:\/\/islandandhome.com\/es\/locations\/"]}]},{"@type":"ImageObject","inLanguage":"es","@id":"https:\/\/islandandhome.com\/es\/locations\/#primaryimage","url":"https:\/\/new.islandandhome.com\/wp-content\/uploads\/2023\/01\/IMG_8530-488x326.jpg","contentUrl":"https:\/\/new.islandandhome.com\/wp-content\/uploads\/2023\/01\/IMG_8530-488x326.jpg"},{"@type":"BreadcrumbList","@id":"https:\/\/islandandhome.com\/es\/locations\/#breadcrumb","itemListElement":[{"@type":"ListItem","position":1,"name":"Home","item":"https:\/\/islandandhome.com\/"},{"@type":"ListItem","position":2,"name":"Ubicaciones"}]},{"@type":"WebSite","@id":"https:\/\/islandandhome.com\/#website","url":"https:\/\/islandandhome.com\/","name":"Island &amp; Home","description":"Property agents in Menorca","publisher":{"@id":"https:\/\/islandandhome.com\/#organization"},"alternateName":"Property agents in Menorca","potentialAction":[{"@type":"SearchAction","target":{"@type":"EntryPoint","urlTemplate":"https:\/\/islandandhome.com\/?s={search_term_string}"},"query-input":{"@type":"PropertyValueSpecification","valueRequired":true,"valueName":"search_term_string"}}],"inLanguage":"es"},{"@type":"Organization","@id":"https:\/\/islandandhome.com\/#organization","name":"Island &amp; Home","url":"https:\/\/islandandhome.com\/","logo":{"@type":"ImageObject","inLanguage":"es","@id":"https:\/\/islandandhome.com\/#\/schema\/logo\/image\/","url":"https:\/\/islandandhome.com\/wp-content\/uploads\/2020\/02\/island-and-home-transparent-fixed-2x-very-small.png","contentUrl":"https:\/\/islandandhome.com\/wp-content\/uploads\/2020\/02\/island-and-home-transparent-fixed-2x-very-small.png","width":220,"height":68,"caption":"Island &amp; Home"},"image":{"@id":"https:\/\/islandandhome.com\/#\/schema\/logo\/image\/"}}]}},"_links":{"self":[{"href":"https:\/\/islandandhome.com\/es\/wp-json\/wp\/v2\/pages\/50213","targetHints":{"allow":["GET"]}}],"collection":[{"href":"https:\/\/islandandhome.com\/es\/wp-json\/wp\/v2\/pages"}],"about":[{"href":"https:\/\/islandandhome.com\/es\/wp-json\/wp\/v2\/types\/page"}],"author":[{"embeddable":true,"href":"https:\/\/islandandhome.com\/es\/wp-json\/wp\/v2\/users\/1"}],"replies":[{"embeddable":true,"href":"https:\/\/islandandhome.com\/es\/wp-json\/wp\/v2\/comments?post=50213"}],"version-history":[{"count":9,"href":"https:\/\/islandandhome.com\/es\/wp-json\/wp\/v2\/pages\/50213\/revisions"}],"predecessor-version":[{"id":83994,"href":"https:\/\/islandandhome.com\/es\/wp-json\/wp\/v2\/pages\/50213\/revisions\/83994"}],"wp:attachment":[{"href":"https:\/\/islandandhome.com\/es\/wp-json\/wp\/v2\/media?parent=50213"}],"curies":[{"name":"wp","href":"https:\/\/api.w.org\/{rel}","templated":true}]}}